{"id":5366,"date":"2024-05-15T15:19:29","date_gmt":"2024-05-15T13:19:29","guid":{"rendered":"https:\/\/barcelonawss.com\/?page_id=5366"},"modified":"2025-10-16T16:37:05","modified_gmt":"2025-10-16T14:37:05","slug":"coneixem-a-les-nostres-idols","status":"publish","type":"page","link":"https:\/\/barcelonawss.com\/?page_id=5366&lang=ca","title":{"rendered":"Coneixem a les nostres \u00eddols"},"content":{"rendered":"\n<div class=\"wp-block-group has-theme-palette-9-color has-theme-palette-3-background-color has-text-color has-background has-link-color wp-elements-f8037a218f0560fe8b9985a96cbca66f\"><div class=\"wp-block-group__inner-container is-layout-constrained wp-block-group-is-layout-constrained\">\n<h2 class=\"wp-block-heading has-text-align-center has-theme-palette-9-color has-text-color has-link-color wp-elements-9a3fd26bd9b05124efdda8a860ea5d61\">CONEIXEM A LES NOSTRES \u00cdDOLS<\/h2>\n<\/div><\/div>\n\n\n\n<p><style id=\"eael-fg-inline-css-6c8e1f9\">@media only screen and (max-width: 2399px) {<br \/>\n\t\t\t\t\t.elementor-element.elementor-element-6c8e1f9 .eael-filterable-gallery-item-wrap {<br \/>\n\t\t\t\t\t        width: 33.333333333333%;<br \/>\n\t\t\t\t\t    }<br \/>\n\t\t\t\t\t}@media only screen and (max-width: 1024px) {<br \/>\n\t\t\t\t\t.elementor-element.elementor-element-6c8e1f9  .eael-filterable-gallery-item-wrap {<br \/>\n\t\t\t\t\t        width: 50%;<br \/>\n\t\t\t\t\t    }<br \/>\n\t\t\t\t\t}@media only screen and (max-width: 767px) {<br \/>\n\t\t\t\t\t.elementor-element.elementor-element-6c8e1f9  .eael-filterable-gallery-item-wrap {<br \/>\n\t\t\t\t\t        width: 100%;<br \/>\n\t\t\t\t\t    }<br \/>\n\t\t\t\t\t}<\/style><\/p>\n\n\n\n<div class=\"wp-block-essential-blocks-image-gallery  root-eb-image-gallery-b8byl\"><div class=\"eb-parent-wrapper eb-parent-eb-image-gallery-b8byl \"><div class=\"eb-gallery-img-wrapper eb-image-gallery-b8byl preset-2 v2 grid null enable-isotope    \" data-id=\"eb-image-gallery-b8byl\" data-default-filter=\"*\" data-searchfilter=\"false\"><div data-type=\"image\" class=\"eb-gallery-img-content  eb-filter-img-\"><div class=\"eb-gallery-link-wrapper\"><img decoding=\"async\" class=\"eb-gallery-img lazyload\" data-src=\"https:\/\/barcelonawss.com\/wp-content\/uploads\/2019\/01\/IMG_8522.jpg\" image-index=\"1\" alt=\"\" src=\"data:image\/svg+xml;base64,PHN2ZyB3aWR0aD0iMSIgaGVpZ2h0PSIxIiB4bWxucz0iaHR0cDovL3d3dy53My5vcmcvMjAwMC9zdmciPjwvc3ZnPg==\" style=\"--smush-placeholder-width: 1000px; --smush-placeholder-aspect-ratio: 1000\/562;\" \/><div class=\"eb-img-gallery-overlay\"><div class=\"eb-img-gallery-actions\"><a href=\"https:\/\/barcelonawss.com\/wp-content\/uploads\/2019\/01\/IMG_8522.jpg\" data-fslightbox=\"gallery\" class=\"eb-img-gallery-action\"><i icon=\"fas fa-plus\" class=\"fas fa-plus \"><\/i><\/a><\/div><div class=\"eb-img-gallery-content\"><div class=\"eb-gallery-img-caption\">Cl\u00ednic amb Al\u00e8xia Putellas<\/div><div class=\"eb-gallery-img-description\">Les jugadores del Cadet i l&#8217;Infantil participen a un cl\u00ednic al Miniestadi amb Al\u00e8xia Putellas.<\/div><\/div><\/div><\/div><\/div><div data-type=\"image\" class=\"eb-gallery-img-content  eb-filter-img-\"><div class=\"eb-gallery-link-wrapper\"><img decoding=\"async\" class=\"eb-gallery-img lazyload\" data-src=\"https:\/\/barcelonawss.com\/wp-content\/uploads\/2024\/11\/IMG_8349.jpg\" image-index=\"2\" alt=\"\" src=\"data:image\/svg+xml;base64,PHN2ZyB3aWR0aD0iMSIgaGVpZ2h0PSIxIiB4bWxucz0iaHR0cDovL3d3dy53My5vcmcvMjAwMC9zdmciPjwvc3ZnPg==\" style=\"--smush-placeholder-width: 650px; --smush-placeholder-aspect-ratio: 650\/433;\" \/><div class=\"eb-img-gallery-overlay\"><div class=\"eb-img-gallery-actions\"><a href=\"https:\/\/barcelonawss.com\/wp-content\/uploads\/2024\/11\/IMG_8349.jpg\" data-fslightbox=\"gallery\" class=\"eb-img-gallery-action\"><i icon=\"fas fa-plus\" class=\"fas fa-plus \"><\/i><\/a><\/div><div class=\"eb-img-gallery-content\"><div class=\"eb-gallery-img-caption\">Acte de celebraci\u00f3 de la Pilota d&#8217;Or<\/div><div class=\"eb-gallery-img-description\">Dies despr\u00e9s que Aitana reb\u00e9s la seva primera Pilota d&#8217;Or, dotze jugadores assisteixen a un dels actes de celebraci\u00f3 organitzats per Nike a Barcelona.<\/div><\/div><\/div><\/div><\/div><div data-type=\"image\" class=\"eb-gallery-img-content  eb-filter-img-\"><div class=\"eb-gallery-link-wrapper\"><img decoding=\"async\" class=\"eb-gallery-img lazyload\" data-src=\"https:\/\/barcelonawss.com\/wp-content\/uploads\/2024\/11\/IMG_5252.jpeg\" image-index=\"3\" alt=\"\" src=\"data:image\/svg+xml;base64,PHN2ZyB3aWR0aD0iMSIgaGVpZ2h0PSIxIiB4bWxucz0iaHR0cDovL3d3dy53My5vcmcvMjAwMC9zdmciPjwvc3ZnPg==\" style=\"--smush-placeholder-width: 1536px; --smush-placeholder-aspect-ratio: 1536\/2048;\" \/><div class=\"eb-img-gallery-overlay\"><div class=\"eb-img-gallery-actions\"><a href=\"https:\/\/barcelonawss.com\/wp-content\/uploads\/2024\/11\/IMG_5252.jpeg\" data-fslightbox=\"gallery\" class=\"eb-img-gallery-action\"><i icon=\"fas fa-plus\" class=\"fas fa-plus \"><\/i><\/a><\/div><div class=\"eb-img-gallery-content\"><div class=\"eb-gallery-img-caption\">Campanya amb Salma Paralluelo<\/div><div class=\"eb-gallery-img-description\">Una jugadora del club \u00e9s escollida per ser la protagonista d&#8217;una campanya al costat de la jugadora del Bar\u00e7a Salma Paralluelo<\/div><\/div><\/div><\/div><\/div><div data-type=\"image\" class=\"eb-gallery-img-content  eb-filter-img-\"><div class=\"eb-gallery-link-wrapper\"><img decoding=\"async\" class=\"eb-gallery-img lazyload\" data-src=\"https:\/\/barcelonawss.com\/wp-content\/uploads\/2024\/01\/Panos-Jana.png\" image-index=\"4\" alt=\"\" src=\"data:image\/svg+xml;base64,PHN2ZyB3aWR0aD0iMSIgaGVpZ2h0PSIxIiB4bWxucz0iaHR0cDovL3d3dy53My5vcmcvMjAwMC9zdmciPjwvc3ZnPg==\" style=\"--smush-placeholder-width: 630px; --smush-placeholder-aspect-ratio: 630\/597;\" \/><div class=\"eb-img-gallery-overlay\"><div class=\"eb-img-gallery-actions\"><a href=\"https:\/\/barcelonawss.com\/wp-content\/uploads\/2024\/01\/Panos-Jana.png\" data-fslightbox=\"gallery\" class=\"eb-img-gallery-action\"><i icon=\"fas fa-plus\" class=\"fas fa-plus \"><\/i><\/a><\/div><div class=\"eb-img-gallery-content\"><div class=\"eb-gallery-img-caption\">Cl\u00ednic amb Sandra Pa\u00f1os<\/div><div class=\"eb-gallery-img-description\">Les porteres de la Women&#8217;s assisteixen a un cl\u00ednic amb la portera del FC Barcelona Sandra Pa\u00f1os.<\/div><\/div><\/div><\/div><\/div><\/div><\/div><\/div>\n\n\n\n<div class=\"wp-block-essential-blocks-image-gallery  root-eb-image-gallery-ughzb\"><div class=\"eb-parent-wrapper eb-parent-eb-image-gallery-ughzb \"><div class=\"eb-gallery-img-wrapper eb-image-gallery-ughzb preset-2 v2 grid null enable-isotope    \" data-id=\"eb-image-gallery-ughzb\" data-default-filter=\"*\" data-searchfilter=\"false\"><div data-type=\"image\" class=\"eb-gallery-img-content  eb-filter-img-\"><div class=\"eb-gallery-link-wrapper\"><img decoding=\"async\" class=\"eb-gallery-img lazyload\" data-src=\"https:\/\/barcelonawss.com\/wp-content\/uploads\/2025\/10\/0c502135-e6a7-4ecc-96dd-51de83c3f846.jpeg\" image-index=\"1\" alt=\"\" src=\"data:image\/svg+xml;base64,PHN2ZyB3aWR0aD0iMSIgaGVpZ2h0PSIxIiB4bWxucz0iaHR0cDovL3d3dy53My5vcmcvMjAwMC9zdmciPjwvc3ZnPg==\" style=\"--smush-placeholder-width: 1204px; --smush-placeholder-aspect-ratio: 1204\/1600;\" \/><div class=\"eb-img-gallery-overlay\"><div class=\"eb-img-gallery-actions\"><a href=\"https:\/\/barcelonawss.com\/wp-content\/uploads\/2025\/10\/0c502135-e6a7-4ecc-96dd-51de83c3f846.jpeg\" data-fslightbox=\"gallery\" class=\"eb-img-gallery-action\"><i icon=\"fas fa-plus\" class=\"fas fa-plus \"><\/i><\/a><\/div><div class=\"eb-img-gallery-content\"><div class=\"eb-gallery-img-caption\">Trobada amb Ona Batlle<\/div><div class=\"eb-gallery-img-description\">10 jugadores assisteixen a una trobada amb la futbolista del FC Barcelona Ona Batlle. <\/div><\/div><\/div><\/div><\/div><div data-type=\"image\" class=\"eb-gallery-img-content  eb-filter-img-\"><div class=\"eb-gallery-link-wrapper\"><img decoding=\"async\" class=\"eb-gallery-img lazyload\" data-src=\"https:\/\/barcelonawss.com\/wp-content\/uploads\/2024\/11\/IMG_4013.jpeg\" image-index=\"2\" alt=\"\" src=\"data:image\/svg+xml;base64,PHN2ZyB3aWR0aD0iMSIgaGVpZ2h0PSIxIiB4bWxucz0iaHR0cDovL3d3dy53My5vcmcvMjAwMC9zdmciPjwvc3ZnPg==\" style=\"--smush-placeholder-width: 1536px; --smush-placeholder-aspect-ratio: 1536\/2048;\" \/><div class=\"eb-img-gallery-overlay\"><div class=\"eb-img-gallery-actions\"><a href=\"https:\/\/barcelonawss.com\/wp-content\/uploads\/2024\/11\/IMG_4013.jpeg\" data-fslightbox=\"gallery\" class=\"eb-img-gallery-action\"><i icon=\"fas fa-plus\" class=\"fas fa-plus \"><\/i><\/a><\/div><div class=\"eb-img-gallery-content\"><div class=\"eb-gallery-img-caption\">Campanya amb Aitana Bonmat\u00ed<\/div><div class=\"eb-gallery-img-description\">Una jugadora del club \u00e9s escollida per ser la protagonista d&#8217;una campanya al costat de la jugadora del Bar\u00e7a Aitana Bonmat\u00ed<\/div><\/div><\/div><\/div><\/div><div data-type=\"image\" class=\"eb-gallery-img-content  eb-filter-img-\"><div class=\"eb-gallery-link-wrapper\"><img decoding=\"async\" class=\"eb-gallery-img lazyload\" data-src=\"https:\/\/barcelonawss.com\/wp-content\/uploads\/2024\/01\/Academy-FCB-players.png\" image-index=\"3\" alt=\"\" src=\"data:image\/svg+xml;base64,PHN2ZyB3aWR0aD0iMSIgaGVpZ2h0PSIxIiB4bWxucz0iaHR0cDovL3d3dy53My5vcmcvMjAwMC9zdmciPjwvc3ZnPg==\" style=\"--smush-placeholder-width: 770px; --smush-placeholder-aspect-ratio: 770\/772;\" \/><div class=\"eb-img-gallery-overlay\"><div class=\"eb-img-gallery-actions\"><a href=\"https:\/\/barcelonawss.com\/wp-content\/uploads\/2024\/01\/Academy-FCB-players.png\" data-fslightbox=\"gallery\" class=\"eb-img-gallery-action\"><i icon=\"fas fa-plus\" class=\"fas fa-plus \"><\/i><\/a><\/div><div class=\"eb-img-gallery-content\"><div class=\"eb-gallery-img-caption\">Trobada amb jugadores del Bar\u00e7a<\/div><div class=\"eb-gallery-img-description\">Tretze jugadores assisteixen a una xerrada amb les jugadores del FC Barcelona Mariona, Graham, Pa\u00f1os i Patri.<\/div><\/div><\/div><\/div><\/div><div data-type=\"image\" class=\"eb-gallery-img-content  eb-filter-img-\"><div class=\"eb-gallery-link-wrapper\"><img decoding=\"async\" class=\"eb-gallery-img lazyload\" data-src=\"https:\/\/barcelonawss.com\/wp-content\/uploads\/2024\/01\/Balde.png\" image-index=\"4\" alt=\"\" src=\"data:image\/svg+xml;base64,PHN2ZyB3aWR0aD0iMSIgaGVpZ2h0PSIxIiB4bWxucz0iaHR0cDovL3d3dy53My5vcmcvMjAwMC9zdmciPjwvc3ZnPg==\" style=\"--smush-placeholder-width: 737px; --smush-placeholder-aspect-ratio: 737\/521;\" \/><div class=\"eb-img-gallery-overlay\"><div class=\"eb-img-gallery-actions\"><a href=\"https:\/\/barcelonawss.com\/wp-content\/uploads\/2024\/01\/Balde.png\" data-fslightbox=\"gallery\" class=\"eb-img-gallery-action\"><i icon=\"fas fa-plus\" class=\"fas fa-plus \"><\/i><\/a><\/div><div class=\"eb-img-gallery-content\"><div class=\"eb-gallery-img-caption\">Trobada amb Alejandro Balde<\/div><div class=\"eb-gallery-img-description\">Cinc jugadores assisteixen a una trobada amb el jugador del FC Barcelona Alejandro Balde.<\/div><\/div><\/div><\/div><\/div><div data-type=\"image\" class=\"eb-gallery-img-content  eb-filter-img-\"><div class=\"eb-gallery-link-wrapper\"><img decoding=\"async\" class=\"eb-gallery-img lazyload\" data-src=\"https:\/\/barcelonawss.com\/wp-content\/uploads\/2024\/01\/Panos.png\" image-index=\"5\" alt=\"\" src=\"data:image\/svg+xml;base64,PHN2ZyB3aWR0aD0iMSIgaGVpZ2h0PSIxIiB4bWxucz0iaHR0cDovL3d3dy53My5vcmcvMjAwMC9zdmciPjwvc3ZnPg==\" style=\"--smush-placeholder-width: 696px; --smush-placeholder-aspect-ratio: 696\/653;\" \/><div class=\"eb-img-gallery-overlay\"><div class=\"eb-img-gallery-actions\"><a href=\"https:\/\/barcelonawss.com\/wp-content\/uploads\/2024\/01\/Panos.png\" data-fslightbox=\"gallery\" class=\"eb-img-gallery-action\"><i icon=\"fas fa-plus\" class=\"fas fa-plus \"><\/i><\/a><\/div><div class=\"eb-img-gallery-content\"><div class=\"eb-gallery-img-caption\">Sandra Pa\u00f1os visita la WSS Academy<\/div><div class=\"eb-gallery-img-description\">Rebem la visita de la portera del FC Barcelona Sandra Pa\u00f1os, amb qui podem estar conversant una estona abans de comen\u00e7ar a entrenar.<\/div><\/div><\/div><\/div><\/div><div data-type=\"image\" class=\"eb-gallery-img-content  eb-filter-img-\"><div class=\"eb-gallery-link-wrapper\"><img decoding=\"async\" class=\"eb-gallery-img lazyload\" data-src=\"https:\/\/barcelonawss.com\/wp-content\/uploads\/2024\/01\/Brasil.png\" image-index=\"6\" alt=\"\" src=\"data:image\/svg+xml;base64,PHN2ZyB3aWR0aD0iMSIgaGVpZ2h0PSIxIiB4bWxucz0iaHR0cDovL3d3dy53My5vcmcvMjAwMC9zdmciPjwvc3ZnPg==\" style=\"--smush-placeholder-width: 660px; --smush-placeholder-aspect-ratio: 660\/468;\" \/><div class=\"eb-img-gallery-overlay\"><div class=\"eb-img-gallery-actions\"><a href=\"https:\/\/barcelonawss.com\/wp-content\/uploads\/2024\/01\/Brasil.png\" data-fslightbox=\"gallery\" class=\"eb-img-gallery-action\"><i icon=\"fas fa-plus\" class=\"fas fa-plus \"><\/i><\/a><\/div><div class=\"eb-img-gallery-content\"><div class=\"eb-gallery-img-caption\">Aplegapilotes al Brasil-M\u00e8xic sub17<\/div><div class=\"eb-gallery-img-description\">Deu jugadores fan d&#8217;aplegapilotes al partit de preparaci\u00f3 per al Mundial sub17 entre les seleccions de Brasil i M\u00e8xic.<\/div><\/div><\/div><\/div><\/div><div data-type=\"image\" class=\"eb-gallery-img-content  eb-filter-img-\"><div class=\"eb-gallery-link-wrapper\"><img decoding=\"async\" class=\"eb-gallery-img lazyload\" data-src=\"https:\/\/barcelonawss.com\/wp-content\/uploads\/2021\/10\/DSC0190.jpg\" image-index=\"7\" alt=\"\" src=\"data:image\/svg+xml;base64,PHN2ZyB3aWR0aD0iMSIgaGVpZ2h0PSIxIiB4bWxucz0iaHR0cDovL3d3dy53My5vcmcvMjAwMC9zdmciPjwvc3ZnPg==\" style=\"--smush-placeholder-width: 2399px; --smush-placeholder-aspect-ratio: 2399\/1599;\" \/><div class=\"eb-img-gallery-overlay\"><div class=\"eb-img-gallery-actions\"><a href=\"https:\/\/barcelonawss.com\/wp-content\/uploads\/2021\/10\/DSC0190.jpg\" data-fslightbox=\"gallery\" class=\"eb-img-gallery-action\"><i icon=\"fas fa-plus\" class=\"fas fa-plus \"><\/i><\/a><\/div><div class=\"eb-img-gallery-content\"><div class=\"eb-gallery-img-caption\">Voices of the Game<\/div><div class=\"eb-gallery-img-description\">Participaci\u00f3 de dos membre de l&#8217;staff a la campanya de Nike &#8216;Vocies of the Game&#8217;, dirigida a tractar diferents temes que afecten als esportistes.<\/div><\/div><\/div><\/div><\/div><div data-type=\"image\" class=\"eb-gallery-img-content  eb-filter-img-\"><div class=\"eb-gallery-link-wrapper\"><img decoding=\"async\" class=\"eb-gallery-img lazyload\" data-src=\"https:\/\/barcelonawss.com\/wp-content\/uploads\/2021\/06\/IMG_4457.jpg\" image-index=\"8\" alt=\"\" src=\"data:image\/svg+xml;base64,PHN2ZyB3aWR0aD0iMSIgaGVpZ2h0PSIxIiB4bWxucz0iaHR0cDovL3d3dy53My5vcmcvMjAwMC9zdmciPjwvc3ZnPg==\" style=\"--smush-placeholder-width: 640px; --smush-placeholder-aspect-ratio: 640\/470;\" \/><div class=\"eb-img-gallery-overlay\"><div class=\"eb-img-gallery-actions\"><a href=\"https:\/\/barcelonawss.com\/wp-content\/uploads\/2021\/06\/IMG_4457.jpg\" data-fslightbox=\"gallery\" class=\"eb-img-gallery-action\"><i icon=\"fas fa-plus\" class=\"fas fa-plus \"><\/i><\/a><\/div><div class=\"eb-img-gallery-content\"><div class=\"eb-gallery-img-caption\">Videotrucada amb jugadores del Bar\u00e7a<\/div><div class=\"eb-gallery-img-description\">Encara en \u00e8poca de post-pand\u00e8mia, quinze jugadores de la Women&#8217;s fan una videotrucada amb quatre futbolistes del FC Barcelona la setmana posterior a guanyar el triplet.<\/div><\/div><\/div><\/div><\/div><div data-type=\"image\" class=\"eb-gallery-img-content  eb-filter-img-\"><div class=\"eb-gallery-link-wrapper\"><img decoding=\"async\" class=\"eb-gallery-img lazyload\" data-src=\"https:\/\/barcelonawss.com\/wp-content\/uploads\/2024\/01\/Jugadores-Nike.png\" image-index=\"9\" alt=\"\" src=\"data:image\/svg+xml;base64,PHN2ZyB3aWR0aD0iMSIgaGVpZ2h0PSIxIiB4bWxucz0iaHR0cDovL3d3dy53My5vcmcvMjAwMC9zdmciPjwvc3ZnPg==\" style=\"--smush-placeholder-width: 707px; --smush-placeholder-aspect-ratio: 707\/552;\" \/><div class=\"eb-img-gallery-overlay\"><div class=\"eb-img-gallery-actions\"><a href=\"https:\/\/barcelonawss.com\/wp-content\/uploads\/2024\/01\/Jugadores-Nike.png\" data-fslightbox=\"gallery\" class=\"eb-img-gallery-action\"><i icon=\"fas fa-plus\" class=\"fas fa-plus \"><\/i><\/a><\/div><div class=\"eb-img-gallery-content\"><div class=\"eb-gallery-img-caption\">Xerrada amb jugadores Nike<\/div><div class=\"eb-gallery-img-description\">El Juvenil A i l&#8217;Alev\u00ed assisteixen a una xerrada amb diverses jugadores de la selecci\u00f3 espanyola, dies abans que marxin cap a Fran\u00e7a per disputar el mundial.<\/div><\/div><\/div><\/div><\/div><\/div><\/div><\/div>\n","protected":false},"excerpt":{"rendered":"<p>CONEIXEM A LES NOSTRES \u00cdDOLS<\/p>\n","protected":false},"author":1,"featured_media":0,"parent":5691,"menu_order":0,"comment_status":"closed","ping_status":"closed","template":"","meta":{"_eb_attr":"","_kad_post_transparent":"","_kad_post_title":"","_kad_post_layout":"","_kad_post_sidebar_id":"","_kad_post_content_style":"","_kad_post_vertical_padding":"","_kad_post_feature":"","_kad_post_feature_position":"","_kad_post_header":false,"_kad_post_footer":false,"_kad_post_classname":"","footnotes":""},"class_list":["post-5366","page","type-page","status-publish","hentry"],"_links":{"self":[{"href":"https:\/\/barcelonawss.com\/index.php?rest_route=\/wp\/v2\/pages\/5366","targetHints":{"allow":["GET"]}}],"collection":[{"href":"https:\/\/barcelonawss.com\/index.php?rest_route=\/wp\/v2\/pages"}],"about":[{"href":"https:\/\/barcelonawss.com\/index.php?rest_route=\/wp\/v2\/types\/page"}],"author":[{"embeddable":true,"href":"https:\/\/barcelonawss.com\/index.php?rest_route=\/wp\/v2\/users\/1"}],"replies":[{"embeddable":true,"href":"https:\/\/barcelonawss.com\/index.php?rest_route=%2Fwp%2Fv2%2Fcomments&post=5366"}],"version-history":[{"count":26,"href":"https:\/\/barcelonawss.com\/index.php?rest_route=\/wp\/v2\/pages\/5366\/revisions"}],"predecessor-version":[{"id":6930,"href":"https:\/\/barcelonawss.com\/index.php?rest_route=\/wp\/v2\/pages\/5366\/revisions\/6930"}],"up":[{"embeddable":true,"href":"https:\/\/barcelonawss.com\/index.php?rest_route=\/wp\/v2\/pages\/5691"}],"wp:attachment":[{"href":"https:\/\/barcelonawss.com\/index.php?rest_route=%2Fwp%2Fv2%2Fmedia&parent=5366"}],"curies":[{"name":"wp","href":"https:\/\/api.w.org\/{rel}","templated":true}]}}