{"id":5337,"date":"2024-05-15T15:19:29","date_gmt":"2024-05-15T13:19:29","guid":{"rendered":"https:\/\/barcelonawss.com\/?page_id=5337"},"modified":"2025-10-20T12:15:08","modified_gmt":"2025-10-20T10:15:08","slug":"activacions-nike","status":"publish","type":"page","link":"https:\/\/barcelonawss.com\/?page_id=5337&lang=ca","title":{"rendered":"Activacions Nike"},"content":{"rendered":"\n<div class=\"wp-block-group has-theme-palette-9-color has-theme-palette-3-background-color has-text-color has-background has-link-color wp-elements-ac740a499ea7c7daf38125bfc9036fc7\"><div class=\"wp-block-group__inner-container is-layout-constrained wp-block-group-is-layout-constrained\">\n<h2 class=\"wp-block-heading has-text-align-center has-theme-palette-9-color has-text-color has-link-color wp-elements-2d0b2d5b0be18454cf990be3a31478e5\">ACTIVACIONS NIKE<\/h2>\n<\/div><\/div>\n\n\n\n<div class=\"wp-block-essential-blocks-image-gallery  root-eb-image-gallery-b8byl\"><div class=\"eb-parent-wrapper eb-parent-eb-image-gallery-b8byl \"><div class=\"eb-gallery-img-wrapper eb-image-gallery-b8byl preset-2 v2 grid null enable-isotope    \" data-id=\"eb-image-gallery-b8byl\" data-default-filter=\"*\" data-searchfilter=\"false\"><div data-type=\"image\" class=\"eb-gallery-img-content  eb-filter-img-\"><div class=\"eb-gallery-link-wrapper\"><img decoding=\"async\" class=\"eb-gallery-img lazyload\" data-src=\"https:\/\/barcelonawss.com\/wp-content\/uploads\/2019\/01\/IMG_8522.jpg\" image-index=\"1\" alt=\"\" src=\"data:image\/svg+xml;base64,PHN2ZyB3aWR0aD0iMSIgaGVpZ2h0PSIxIiB4bWxucz0iaHR0cDovL3d3dy53My5vcmcvMjAwMC9zdmciPjwvc3ZnPg==\" style=\"--smush-placeholder-width: 1000px; --smush-placeholder-aspect-ratio: 1000\/562;\" \/><div class=\"eb-img-gallery-overlay\"><div class=\"eb-img-gallery-actions\"><a href=\"https:\/\/barcelonawss.com\/wp-content\/uploads\/2019\/01\/IMG_8522.jpg\" data-fslightbox=\"gallery\" class=\"eb-img-gallery-action\"><i icon=\"fas fa-plus\" class=\"fas fa-plus \"><\/i><\/a><\/div><div class=\"eb-img-gallery-content\"><div class=\"eb-gallery-img-caption\">Cl\u00ednic amb Al\u00e8xia Putellas<\/div><div class=\"eb-gallery-img-description\">Les jugadores del Cadet i l&#8217;Infantil participen a un cl\u00ednic al Miniestadi amb Al\u00e8xia Putellas.<\/div><\/div><\/div><\/div><\/div><div data-type=\"image\" class=\"eb-gallery-img-content  eb-filter-img-\"><div class=\"eb-gallery-link-wrapper\"><img decoding=\"async\" class=\"eb-gallery-img lazyload\" data-src=\"https:\/\/barcelonawss.com\/wp-content\/uploads\/2024\/11\/IMG_8349.jpg\" image-index=\"2\" alt=\"\" src=\"data:image\/svg+xml;base64,PHN2ZyB3aWR0aD0iMSIgaGVpZ2h0PSIxIiB4bWxucz0iaHR0cDovL3d3dy53My5vcmcvMjAwMC9zdmciPjwvc3ZnPg==\" style=\"--smush-placeholder-width: 650px; --smush-placeholder-aspect-ratio: 650\/433;\" \/><div class=\"eb-img-gallery-overlay\"><div class=\"eb-img-gallery-actions\"><a href=\"https:\/\/barcelonawss.com\/wp-content\/uploads\/2024\/11\/IMG_8349.jpg\" data-fslightbox=\"gallery\" class=\"eb-img-gallery-action\"><i icon=\"fas fa-plus\" class=\"fas fa-plus \"><\/i><\/a><\/div><div class=\"eb-img-gallery-content\"><div class=\"eb-gallery-img-caption\">Acte de celebraci\u00f3 de la Pilota d&#8217;Or<\/div><div class=\"eb-gallery-img-description\">Dies despr\u00e9s que Aitana reb\u00e9s la seva primera Pilota d&#8217;Or, dotze jugadores assisteixen a un dels actes de celebraci\u00f3 organitzats per Nike a Barcelona.<\/div><\/div><\/div><\/div><\/div><div data-type=\"image\" class=\"eb-gallery-img-content  eb-filter-img-\"><div class=\"eb-gallery-link-wrapper\"><img decoding=\"async\" class=\"eb-gallery-img lazyload\" data-src=\"https:\/\/barcelonawss.com\/wp-content\/uploads\/2024\/01\/Camp-Nou.png\" image-index=\"3\" alt=\"\" src=\"data:image\/svg+xml;base64,PHN2ZyB3aWR0aD0iMSIgaGVpZ2h0PSIxIiB4bWxucz0iaHR0cDovL3d3dy53My5vcmcvMjAwMC9zdmciPjwvc3ZnPg==\" style=\"--smush-placeholder-width: 667px; --smush-placeholder-aspect-ratio: 667\/638;\" \/><div class=\"eb-img-gallery-overlay\"><div class=\"eb-img-gallery-actions\"><a href=\"https:\/\/barcelonawss.com\/wp-content\/uploads\/2024\/01\/Camp-Nou.png\" data-fslightbox=\"gallery\" class=\"eb-img-gallery-action\"><i icon=\"fas fa-plus\" class=\"fas fa-plus \"><\/i><\/a><\/div><div class=\"eb-img-gallery-content\"><div class=\"eb-gallery-img-caption\">WSS Party al Camp Nou<\/div><div class=\"eb-gallery-img-description\">Festa de final de temporada del Juvenil i el Cadet amb partits al Camp Nou.<\/div><\/div><\/div><\/div><\/div><div data-type=\"image\" class=\"eb-gallery-img-content  eb-filter-img-\"><div class=\"eb-gallery-link-wrapper\"><img decoding=\"async\" class=\"eb-gallery-img lazyload\" data-src=\"https:\/\/barcelonawss.com\/wp-content\/uploads\/2024\/01\/Panos-Jana.png\" image-index=\"4\" alt=\"\" src=\"data:image\/svg+xml;base64,PHN2ZyB3aWR0aD0iMSIgaGVpZ2h0PSIxIiB4bWxucz0iaHR0cDovL3d3dy53My5vcmcvMjAwMC9zdmciPjwvc3ZnPg==\" style=\"--smush-placeholder-width: 630px; --smush-placeholder-aspect-ratio: 630\/597;\" \/><div class=\"eb-img-gallery-overlay\"><div class=\"eb-img-gallery-actions\"><a href=\"https:\/\/barcelonawss.com\/wp-content\/uploads\/2024\/01\/Panos-Jana.png\" data-fslightbox=\"gallery\" class=\"eb-img-gallery-action\"><i icon=\"fas fa-plus\" class=\"fas fa-plus \"><\/i><\/a><\/div><div class=\"eb-img-gallery-content\"><div class=\"eb-gallery-img-caption\">Cl\u00ednic amb Sandra Pa\u00f1os<\/div><div class=\"eb-gallery-img-description\">Les porteres de la Women&#8217;s assisteixen a un cl\u00ednic amb la portera del FC Barcelona Sandra Pa\u00f1os.<\/div><\/div><\/div><\/div><\/div><\/div><\/div><\/div>\n\n\n\n<div class=\"wp-block-essential-blocks-image-gallery  root-eb-image-gallery-ughzb\"><div class=\"eb-parent-wrapper eb-parent-eb-image-gallery-ughzb \"><div class=\"eb-gallery-img-wrapper eb-image-gallery-ughzb preset-2 v2 grid null enable-isotope    \" data-id=\"eb-image-gallery-ughzb\" data-default-filter=\"*\" data-searchfilter=\"false\"><div data-type=\"image\" class=\"eb-gallery-img-content  eb-filter-img-\"><div class=\"eb-gallery-link-wrapper\"><img decoding=\"async\" class=\"eb-gallery-img lazyload\" data-src=\"https:\/\/barcelonawss.com\/wp-content\/uploads\/2025\/10\/6012383104464964066.jpg\" image-index=\"1\" alt=\"\" src=\"data:image\/svg+xml;base64,PHN2ZyB3aWR0aD0iMSIgaGVpZ2h0PSIxIiB4bWxucz0iaHR0cDovL3d3dy53My5vcmcvMjAwMC9zdmciPjwvc3ZnPg==\" style=\"--smush-placeholder-width: 1280px; --smush-placeholder-aspect-ratio: 1280\/853;\" \/><div class=\"eb-img-gallery-overlay\"><div class=\"eb-img-gallery-actions\"><a href=\"https:\/\/barcelonawss.com\/wp-content\/uploads\/2025\/10\/6012383104464964066.jpg\" data-fslightbox=\"gallery\" class=\"eb-img-gallery-action\"><i icon=\"fas fa-plus\" class=\"fas fa-plus \"><\/i><\/a><\/div><div class=\"eb-img-gallery-content\"><div class=\"eb-gallery-img-caption\">LIFT 2025<\/div><div class=\"eb-gallery-img-description\">Participaci\u00f3 d\u2019un membre de l\u2019staff al programa de formaci\u00f3 LIFT, organitzat per Nike a la seva seu d\u2019Amsterdam.<\/div><\/div><\/div><\/div><\/div><div data-type=\"image\" class=\"eb-gallery-img-content  eb-filter-img-\"><div class=\"eb-gallery-link-wrapper\"><img decoding=\"async\" class=\"eb-gallery-img lazyload\" data-src=\"https:\/\/barcelonawss.com\/wp-content\/uploads\/2025\/10\/0c502135-e6a7-4ecc-96dd-51de83c3f846.jpeg\" image-index=\"2\" alt=\"\" src=\"data:image\/svg+xml;base64,PHN2ZyB3aWR0aD0iMSIgaGVpZ2h0PSIxIiB4bWxucz0iaHR0cDovL3d3dy53My5vcmcvMjAwMC9zdmciPjwvc3ZnPg==\" style=\"--smush-placeholder-width: 1204px; --smush-placeholder-aspect-ratio: 1204\/1600;\" \/><div class=\"eb-img-gallery-overlay\"><div class=\"eb-img-gallery-actions\"><a href=\"https:\/\/barcelonawss.com\/wp-content\/uploads\/2025\/10\/0c502135-e6a7-4ecc-96dd-51de83c3f846.jpeg\" data-fslightbox=\"gallery\" class=\"eb-img-gallery-action\"><i icon=\"fas fa-plus\" class=\"fas fa-plus \"><\/i><\/a><\/div><div class=\"eb-img-gallery-content\"><div class=\"eb-gallery-img-caption\">Trobada amb Ona Batlle<\/div><div class=\"eb-gallery-img-description\">10 jugadores assisteixen a una trobada amb la futbolista del FC Barcelona Ona Batlle. <\/div><\/div><\/div><\/div><\/div><div data-type=\"image\" class=\"eb-gallery-img-content  eb-filter-img-\"><div class=\"eb-gallery-link-wrapper\"><img decoding=\"async\" class=\"eb-gallery-img lazyload\" data-src=\"https:\/\/barcelonawss.com\/wp-content\/uploads\/2024\/11\/51d5002f-ded6-4505-aa70-c3d2a4f25d8b.jpg\" image-index=\"3\" alt=\"\" src=\"data:image\/svg+xml;base64,PHN2ZyB3aWR0aD0iMSIgaGVpZ2h0PSIxIiB4bWxucz0iaHR0cDovL3d3dy53My5vcmcvMjAwMC9zdmciPjwvc3ZnPg==\" style=\"--smush-placeholder-width: 1366px; --smush-placeholder-aspect-ratio: 1366\/2048;\" \/><div class=\"eb-img-gallery-overlay\"><div class=\"eb-img-gallery-actions\"><a href=\"https:\/\/barcelonawss.com\/wp-content\/uploads\/2024\/11\/51d5002f-ded6-4505-aa70-c3d2a4f25d8b.jpg\" data-fslightbox=\"gallery\" class=\"eb-img-gallery-action\"><i icon=\"fas fa-plus\" class=\"fas fa-plus \"><\/i><\/a><\/div><div class=\"eb-img-gallery-content\"><div class=\"eb-gallery-img-caption\">Nike Mercurial Speed Games<\/div><div class=\"eb-gallery-img-description\">Una jugadora del club va participar a l&#8217;esdeveniment organitzat per Nike a Berlin.<\/div><\/div><\/div><\/div><\/div><div data-type=\"image\" class=\"eb-gallery-img-content  eb-filter-img-\"><div class=\"eb-gallery-link-wrapper\"><img decoding=\"async\" class=\"eb-gallery-img lazyload\" data-src=\"https:\/\/barcelonawss.com\/wp-content\/uploads\/2024\/01\/IMG_5947.jpeg\" image-index=\"4\" alt=\"\" src=\"data:image\/svg+xml;base64,PHN2ZyB3aWR0aD0iMSIgaGVpZ2h0PSIxIiB4bWxucz0iaHR0cDovL3d3dy53My5vcmcvMjAwMC9zdmciPjwvc3ZnPg==\" style=\"--smush-placeholder-width: 1536px; --smush-placeholder-aspect-ratio: 1536\/2048;\" \/><div class=\"eb-img-gallery-overlay\"><div class=\"eb-img-gallery-actions\"><a href=\"https:\/\/barcelonawss.com\/wp-content\/uploads\/2024\/01\/IMG_5947.jpeg\" data-fslightbox=\"gallery\" class=\"eb-img-gallery-action\"><i icon=\"fas fa-plus\" class=\"fas fa-plus \"><\/i><\/a><\/div><div class=\"eb-img-gallery-content\"><div class=\"eb-gallery-img-caption\">Campanya de sostenibilitat de Nike i F\u00fatbolEmotion<\/div><div class=\"eb-gallery-img-description\">Un equip del club va participar a la campanya per promoure la sostenibilitat organitzada per Nike i F\u00fatbolEmotion, amb una gincama al camp i la visita a una planta de reciclatge. Cada jugadora es va endur unes botes de regal.<\/div><\/div><\/div><\/div><\/div><div data-type=\"image\" class=\"eb-gallery-img-content  eb-filter-img-\"><div class=\"eb-gallery-link-wrapper\"><img decoding=\"async\" class=\"eb-gallery-img lazyload\" data-src=\"https:\/\/barcelonawss.com\/wp-content\/uploads\/2024\/11\/IMG_5252.jpeg\" image-index=\"5\" alt=\"\" src=\"data:image\/svg+xml;base64,PHN2ZyB3aWR0aD0iMSIgaGVpZ2h0PSIxIiB4bWxucz0iaHR0cDovL3d3dy53My5vcmcvMjAwMC9zdmciPjwvc3ZnPg==\" style=\"--smush-placeholder-width: 1536px; --smush-placeholder-aspect-ratio: 1536\/2048;\" \/><div class=\"eb-img-gallery-overlay\"><div class=\"eb-img-gallery-actions\"><a href=\"https:\/\/barcelonawss.com\/wp-content\/uploads\/2024\/11\/IMG_5252.jpeg\" data-fslightbox=\"gallery\" class=\"eb-img-gallery-action\"><i icon=\"fas fa-plus\" class=\"fas fa-plus \"><\/i><\/a><\/div><div class=\"eb-img-gallery-content\"><div class=\"eb-gallery-img-caption\">Campanya amb Salma Paralluelo<\/div><div class=\"eb-gallery-img-description\">Una jugadora del club \u00e9s escollida per ser la protagonista d\u2019una campanya al costat de la jugadora del Bar\u00e7a Salma Paralluelo<\/div><\/div><\/div><\/div><\/div><div data-type=\"image\" class=\"eb-gallery-img-content  eb-filter-img-\"><div class=\"eb-gallery-link-wrapper\"><img decoding=\"async\" class=\"eb-gallery-img lazyload\" data-src=\"https:\/\/barcelonawss.com\/wp-content\/uploads\/2024\/11\/IMG_4013.jpeg\" image-index=\"6\" alt=\"\" src=\"data:image\/svg+xml;base64,PHN2ZyB3aWR0aD0iMSIgaGVpZ2h0PSIxIiB4bWxucz0iaHR0cDovL3d3dy53My5vcmcvMjAwMC9zdmciPjwvc3ZnPg==\" style=\"--smush-placeholder-width: 1536px; --smush-placeholder-aspect-ratio: 1536\/2048;\" \/><div class=\"eb-img-gallery-overlay\"><div class=\"eb-img-gallery-actions\"><a href=\"https:\/\/barcelonawss.com\/wp-content\/uploads\/2024\/11\/IMG_4013.jpeg\" data-fslightbox=\"gallery\" class=\"eb-img-gallery-action\"><i icon=\"fas fa-plus\" class=\"fas fa-plus \"><\/i><\/a><\/div><div class=\"eb-img-gallery-content\"><div class=\"eb-gallery-img-caption\">Campanya amb Aitana Bonmat\u00ed<\/div><div class=\"eb-gallery-img-description\">Una jugadora del club \u00e9s escollida per ser la protagonista d&#8217;una campanya al costat de la jugadora del Bar\u00e7a Aitana Bonmat\u00ed<\/div><\/div><\/div><\/div><\/div><div data-type=\"image\" class=\"eb-gallery-img-content  eb-filter-img-\"><div class=\"eb-gallery-link-wrapper\"><img decoding=\"async\" class=\"eb-gallery-img lazyload\" data-src=\"https:\/\/barcelonawss.com\/wp-content\/uploads\/2024\/01\/Academy-FCB-players.png\" image-index=\"7\" alt=\"\" src=\"data:image\/svg+xml;base64,PHN2ZyB3aWR0aD0iMSIgaGVpZ2h0PSIxIiB4bWxucz0iaHR0cDovL3d3dy53My5vcmcvMjAwMC9zdmciPjwvc3ZnPg==\" style=\"--smush-placeholder-width: 770px; --smush-placeholder-aspect-ratio: 770\/772;\" \/><div class=\"eb-img-gallery-overlay\"><div class=\"eb-img-gallery-actions\"><a href=\"https:\/\/barcelonawss.com\/wp-content\/uploads\/2024\/01\/Academy-FCB-players.png\" data-fslightbox=\"gallery\" class=\"eb-img-gallery-action\"><i icon=\"fas fa-plus\" class=\"fas fa-plus \"><\/i><\/a><\/div><div class=\"eb-img-gallery-content\"><div class=\"eb-gallery-img-caption\">Trobada amb jugadores del Bar\u00e7a<\/div><div class=\"eb-gallery-img-description\">Tretze jugadores assisteixen a una xerrada amb les jugadores del FC Barcelona Mariona, Graham, Pa\u00f1os i Patri.<\/div><\/div><\/div><\/div><\/div><div data-type=\"image\" class=\"eb-gallery-img-content  eb-filter-img-\"><div class=\"eb-gallery-link-wrapper\"><img decoding=\"async\" class=\"eb-gallery-img lazyload\" data-src=\"https:\/\/barcelonawss.com\/wp-content\/uploads\/2024\/01\/WSS-Party-Play.png\" image-index=\"8\" alt=\"\" src=\"data:image\/svg+xml;base64,PHN2ZyB3aWR0aD0iMSIgaGVpZ2h0PSIxIiB4bWxucz0iaHR0cDovL3d3dy53My5vcmcvMjAwMC9zdmciPjwvc3ZnPg==\" style=\"--smush-placeholder-width: 716px; --smush-placeholder-aspect-ratio: 716\/652;\" \/><div class=\"eb-img-gallery-overlay\"><div class=\"eb-img-gallery-actions\"><a href=\"https:\/\/barcelonawss.com\/wp-content\/uploads\/2024\/01\/WSS-Party-Play.png\" data-fslightbox=\"gallery\" class=\"eb-img-gallery-action\"><i icon=\"fas fa-plus\" class=\"fas fa-plus \"><\/i><\/a><\/div><div class=\"eb-img-gallery-content\"><div class=\"eb-gallery-img-caption\">WSS Party a Play Now BCN<\/div><div class=\"eb-gallery-img-description\">Festa de final de temporada en col\u00b7laboraci\u00f3 amb Nike a l\u2019espai l\u00fadico-esportiu Play Now BCN.<\/div><\/div><\/div><\/div><\/div><div data-type=\"image\" class=\"eb-gallery-img-content  eb-filter-img-\"><div class=\"eb-gallery-link-wrapper\"><img decoding=\"async\" class=\"eb-gallery-img lazyload\" data-src=\"https:\/\/barcelonawss.com\/wp-content\/uploads\/2024\/01\/Balde.png\" image-index=\"9\" alt=\"\" src=\"data:image\/svg+xml;base64,PHN2ZyB3aWR0aD0iMSIgaGVpZ2h0PSIxIiB4bWxucz0iaHR0cDovL3d3dy53My5vcmcvMjAwMC9zdmciPjwvc3ZnPg==\" style=\"--smush-placeholder-width: 737px; --smush-placeholder-aspect-ratio: 737\/521;\" \/><div class=\"eb-img-gallery-overlay\"><div class=\"eb-img-gallery-actions\"><a href=\"https:\/\/barcelonawss.com\/wp-content\/uploads\/2024\/01\/Balde.png\" data-fslightbox=\"gallery\" class=\"eb-img-gallery-action\"><i icon=\"fas fa-plus\" class=\"fas fa-plus \"><\/i><\/a><\/div><div class=\"eb-img-gallery-content\"><div class=\"eb-gallery-img-caption\">Trobada amb Alejandro Balde<\/div><div class=\"eb-gallery-img-description\">Cinc jugadores assisteixen a una trobada amb el jugador del FC Barcelona Alejandro Balde.<\/div><\/div><\/div><\/div><\/div><div data-type=\"image\" class=\"eb-gallery-img-content  eb-filter-img-\"><div class=\"eb-gallery-link-wrapper\"><img decoding=\"async\" class=\"eb-gallery-img lazyload\" data-src=\"https:\/\/barcelonawss.com\/wp-content\/uploads\/2025\/10\/6012383104464964067.jpg\" image-index=\"10\" alt=\"\" src=\"data:image\/svg+xml;base64,PHN2ZyB3aWR0aD0iMSIgaGVpZ2h0PSIxIiB4bWxucz0iaHR0cDovL3d3dy53My5vcmcvMjAwMC9zdmciPjwvc3ZnPg==\" style=\"--smush-placeholder-width: 1024px; --smush-placeholder-aspect-ratio: 1024\/1280;\" \/><div class=\"eb-img-gallery-overlay\"><div class=\"eb-img-gallery-actions\"><a href=\"https:\/\/barcelonawss.com\/wp-content\/uploads\/2025\/10\/6012383104464964067.jpg\" data-fslightbox=\"gallery\" class=\"eb-img-gallery-action\"><i icon=\"fas fa-plus\" class=\"fas fa-plus \"><\/i><\/a><\/div><div class=\"eb-img-gallery-content\"><div class=\"eb-gallery-img-caption\">Nike Air Zoom showcase<\/div><div class=\"eb-gallery-img-description\">Participaci\u00f3 d\u2019una membre de l\u2019staff a l\u2019acte de presentaci\u00f3 de les noves botes Nike Air Zoom, celebrat a Berlin.<\/div><\/div><\/div><\/div><\/div><div data-type=\"image\" class=\"eb-gallery-img-content  eb-filter-img-\"><div class=\"eb-gallery-link-wrapper\"><img decoding=\"async\" class=\"eb-gallery-img lazyload\" data-src=\"https:\/\/barcelonawss.com\/wp-content\/uploads\/2025\/10\/WhatsApp-Image-2025-10-14-at-19.27.37.jpeg\" image-index=\"11\" alt=\"\" src=\"data:image\/svg+xml;base64,PHN2ZyB3aWR0aD0iMSIgaGVpZ2h0PSIxIiB4bWxucz0iaHR0cDovL3d3dy53My5vcmcvMjAwMC9zdmciPjwvc3ZnPg==\" style=\"--smush-placeholder-width: 1066px; --smush-placeholder-aspect-ratio: 1066\/1600;\" \/><div class=\"eb-img-gallery-overlay\"><div class=\"eb-img-gallery-actions\"><a href=\"https:\/\/barcelonawss.com\/wp-content\/uploads\/2025\/10\/WhatsApp-Image-2025-10-14-at-19.27.37.jpeg\" data-fslightbox=\"gallery\" class=\"eb-img-gallery-action\"><i icon=\"fas fa-plus\" class=\"fas fa-plus \"><\/i><\/a><\/div><div class=\"eb-img-gallery-content\"><div class=\"eb-gallery-img-caption\">Nike Phantom GX showcase<\/div><div class=\"eb-gallery-img-description\">Participaci\u00f3 d\u2019una membre de l\u2019staff i una jugadora a l\u2019acte de presentaci\u00f3 de les noves botes Nike Air Zoom, celebrat a Amsterdam.<\/div><\/div><\/div><\/div><\/div><div data-type=\"image\" class=\"eb-gallery-img-content  eb-filter-img-\"><div class=\"eb-gallery-link-wrapper\"><img decoding=\"async\" class=\"eb-gallery-img lazyload\" data-src=\"https:\/\/barcelonawss.com\/wp-content\/uploads\/2024\/01\/Panos.png\" image-index=\"12\" alt=\"\" src=\"data:image\/svg+xml;base64,PHN2ZyB3aWR0aD0iMSIgaGVpZ2h0PSIxIiB4bWxucz0iaHR0cDovL3d3dy53My5vcmcvMjAwMC9zdmciPjwvc3ZnPg==\" style=\"--smush-placeholder-width: 696px; --smush-placeholder-aspect-ratio: 696\/653;\" \/><div class=\"eb-img-gallery-overlay\"><div class=\"eb-img-gallery-actions\"><a href=\"https:\/\/barcelonawss.com\/wp-content\/uploads\/2024\/01\/Panos.png\" data-fslightbox=\"gallery\" class=\"eb-img-gallery-action\"><i icon=\"fas fa-plus\" class=\"fas fa-plus \"><\/i><\/a><\/div><div class=\"eb-img-gallery-content\"><div class=\"eb-gallery-img-caption\">Sandra Pa\u00f1os visita la WSS Academy<\/div><div class=\"eb-gallery-img-description\">Rebem la visita de la portera del FC Barcelona Sandra Pa\u00f1os, amb qui podem estar conversant una estona abans de comen\u00e7ar a entrenar.<\/div><\/div><\/div><\/div><\/div><div data-type=\"image\" class=\"eb-gallery-img-content  eb-filter-img-\"><div class=\"eb-gallery-link-wrapper\"><img decoding=\"async\" class=\"eb-gallery-img lazyload\" data-src=\"https:\/\/barcelonawss.com\/wp-content\/uploads\/2024\/01\/Brasil.png\" image-index=\"13\" alt=\"\" src=\"data:image\/svg+xml;base64,PHN2ZyB3aWR0aD0iMSIgaGVpZ2h0PSIxIiB4bWxucz0iaHR0cDovL3d3dy53My5vcmcvMjAwMC9zdmciPjwvc3ZnPg==\" style=\"--smush-placeholder-width: 660px; --smush-placeholder-aspect-ratio: 660\/468;\" \/><div class=\"eb-img-gallery-overlay\"><div class=\"eb-img-gallery-actions\"><a href=\"https:\/\/barcelonawss.com\/wp-content\/uploads\/2024\/01\/Brasil.png\" data-fslightbox=\"gallery\" class=\"eb-img-gallery-action\"><i icon=\"fas fa-plus\" class=\"fas fa-plus \"><\/i><\/a><\/div><div class=\"eb-img-gallery-content\"><div class=\"eb-gallery-img-caption\">Aplegapilotes al Brasil-M\u00e8xic sub17<\/div><div class=\"eb-gallery-img-description\">Deu jugadores fan d&#8217;aplegapilotes al partit de preparaci\u00f3 per al Mundial sub17 entre les seleccions de Brasil i M\u00e8xic.<\/div><\/div><\/div><\/div><\/div><div data-type=\"image\" class=\"eb-gallery-img-content  eb-filter-img-\"><div class=\"eb-gallery-link-wrapper\"><img decoding=\"async\" class=\"eb-gallery-img lazyload\" data-src=\"https:\/\/barcelonawss.com\/wp-content\/uploads\/2021\/10\/DSC0190.jpg\" image-index=\"14\" alt=\"\" src=\"data:image\/svg+xml;base64,PHN2ZyB3aWR0aD0iMSIgaGVpZ2h0PSIxIiB4bWxucz0iaHR0cDovL3d3dy53My5vcmcvMjAwMC9zdmciPjwvc3ZnPg==\" style=\"--smush-placeholder-width: 2399px; --smush-placeholder-aspect-ratio: 2399\/1599;\" \/><div class=\"eb-img-gallery-overlay\"><div class=\"eb-img-gallery-actions\"><a href=\"https:\/\/barcelonawss.com\/wp-content\/uploads\/2021\/10\/DSC0190.jpg\" data-fslightbox=\"gallery\" class=\"eb-img-gallery-action\"><i icon=\"fas fa-plus\" class=\"fas fa-plus \"><\/i><\/a><\/div><div class=\"eb-img-gallery-content\"><div class=\"eb-gallery-img-caption\">Voices of the Game<\/div><div class=\"eb-gallery-img-description\">Participaci\u00f3 de dos membre de l&#8217;staff a la campanya de Nike &#8216;Vocies of the Game&#8217;, dirigida a tractar diferents temes que afecten als esportistes.<\/div><\/div><\/div><\/div><\/div><div data-type=\"image\" class=\"eb-gallery-img-content  eb-filter-img-\"><div class=\"eb-gallery-link-wrapper\"><img decoding=\"async\" class=\"eb-gallery-img lazyload\" data-src=\"https:\/\/barcelonawss.com\/wp-content\/uploads\/2021\/09\/E_1Qz6cVcAc1l4Q.jpeg\" image-index=\"15\" alt=\"\" src=\"data:image\/svg+xml;base64,PHN2ZyB3aWR0aD0iMSIgaGVpZ2h0PSIxIiB4bWxucz0iaHR0cDovL3d3dy53My5vcmcvMjAwMC9zdmciPjwvc3ZnPg==\" style=\"--smush-placeholder-width: 2048px; --smush-placeholder-aspect-ratio: 2048\/1536;\" \/><div class=\"eb-img-gallery-overlay\"><div class=\"eb-img-gallery-actions\"><a href=\"https:\/\/barcelonawss.com\/wp-content\/uploads\/2021\/09\/E_1Qz6cVcAc1l4Q.jpeg\" data-fslightbox=\"gallery\" class=\"eb-img-gallery-action\"><i icon=\"fas fa-plus\" class=\"fas fa-plus \"><\/i><\/a><\/div><div class=\"eb-img-gallery-content\"><div class=\"eb-gallery-img-caption\">Estrena de Play Now BCN<\/div><div class=\"eb-gallery-img-description\">Participaci\u00f3 dels equips del programa WSS Academy a l\u2019estrena de l\u2019espai l\u00fadico-esportiu de Nike Play Now BCN.<\/div><\/div><\/div><\/div><\/div><div data-type=\"image\" class=\"eb-gallery-img-content  eb-filter-img-\"><div class=\"eb-gallery-link-wrapper\"><img decoding=\"async\" class=\"eb-gallery-img lazyload\" data-src=\"https:\/\/barcelonawss.com\/wp-content\/uploads\/2024\/05\/Captura-de-pantalla-2024-05-15-114140.png\" image-index=\"16\" alt=\"\" src=\"data:image\/svg+xml;base64,PHN2ZyB3aWR0aD0iMSIgaGVpZ2h0PSIxIiB4bWxucz0iaHR0cDovL3d3dy53My5vcmcvMjAwMC9zdmciPjwvc3ZnPg==\" style=\"--smush-placeholder-width: 432px; --smush-placeholder-aspect-ratio: 432\/597;\" \/><div class=\"eb-img-gallery-overlay\"><div class=\"eb-img-gallery-actions\"><a href=\"https:\/\/barcelonawss.com\/wp-content\/uploads\/2024\/05\/Captura-de-pantalla-2024-05-15-114140.png\" data-fslightbox=\"gallery\" class=\"eb-img-gallery-action\"><i icon=\"fas fa-plus\" class=\"fas fa-plus \"><\/i><\/a><\/div><div class=\"eb-img-gallery-content\"><div class=\"eb-gallery-img-caption\">Subhasta de samarretes del Bar\u00e7a<\/div><div class=\"eb-gallery-img-description\">Conjuntament amb Nike organitzem una subhasta de samarretes signades per jugadores del FC Barcelona per recaptar fons per al programa de beques &#8216;Cap nena en fora de joc&#8217;.<\/div><\/div><\/div><\/div><\/div><div data-type=\"image\" class=\"eb-gallery-img-content  eb-filter-img-\"><div class=\"eb-gallery-link-wrapper\"><img decoding=\"async\" class=\"eb-gallery-img lazyload\" data-src=\"https:\/\/barcelonawss.com\/wp-content\/uploads\/2021\/06\/IMG_4457.jpg\" image-index=\"17\" alt=\"\" src=\"data:image\/svg+xml;base64,PHN2ZyB3aWR0aD0iMSIgaGVpZ2h0PSIxIiB4bWxucz0iaHR0cDovL3d3dy53My5vcmcvMjAwMC9zdmciPjwvc3ZnPg==\" style=\"--smush-placeholder-width: 640px; --smush-placeholder-aspect-ratio: 640\/470;\" \/><div class=\"eb-img-gallery-overlay\"><div class=\"eb-img-gallery-actions\"><a href=\"https:\/\/barcelonawss.com\/wp-content\/uploads\/2021\/06\/IMG_4457.jpg\" data-fslightbox=\"gallery\" class=\"eb-img-gallery-action\"><i icon=\"fas fa-plus\" class=\"fas fa-plus \"><\/i><\/a><\/div><div class=\"eb-img-gallery-content\"><div class=\"eb-gallery-img-caption\">Videotrucada amb jugadores del Bar\u00e7a<\/div><div class=\"eb-gallery-img-description\">Encara en \u00e8poca de post-pand\u00e8mia, quinze jugadores de la Women&#8217;s fan una videotrucada amb quatre futbolistes del FC Barcelona la setmana posterior a guanyar el triplet.<\/div><\/div><\/div><\/div><\/div><div data-type=\"image\" class=\"eb-gallery-img-content  eb-filter-img-\"><div class=\"eb-gallery-link-wrapper\"><img decoding=\"async\" class=\"eb-gallery-img lazyload\" data-src=\"https:\/\/barcelonawss.com\/wp-content\/uploads\/2024\/01\/Gimcana.png\" image-index=\"18\" alt=\"\" src=\"data:image\/svg+xml;base64,PHN2ZyB3aWR0aD0iMSIgaGVpZ2h0PSIxIiB4bWxucz0iaHR0cDovL3d3dy53My5vcmcvMjAwMC9zdmciPjwvc3ZnPg==\" style=\"--smush-placeholder-width: 803px; --smush-placeholder-aspect-ratio: 803\/480;\" \/><div class=\"eb-img-gallery-overlay\"><div class=\"eb-img-gallery-actions\"><a href=\"https:\/\/barcelonawss.com\/wp-content\/uploads\/2024\/01\/Gimcana.png\" data-fslightbox=\"gallery\" class=\"eb-img-gallery-action\"><i icon=\"fas fa-plus\" class=\"fas fa-plus \"><\/i><\/a><\/div><div class=\"eb-img-gallery-content\"><div class=\"eb-gallery-img-caption\">Nike Mercurial Showcase<\/div><div class=\"eb-gallery-img-description\">Totes les jugadores del club participen en una s\u00e8rie de proves per estrenar les noves botes de Nike. Cada jugadora s&#8217;end\u00fa un parell de botes de regal.<\/div><\/div><\/div><\/div><\/div><div data-type=\"image\" class=\"eb-gallery-img-content  eb-filter-img-\"><div class=\"eb-gallery-link-wrapper\"><img decoding=\"async\" class=\"eb-gallery-img lazyload\" data-src=\"https:\/\/barcelonawss.com\/wp-content\/uploads\/2024\/05\/Grup.png\" image-index=\"19\" alt=\"\" src=\"data:image\/svg+xml;base64,PHN2ZyB3aWR0aD0iMSIgaGVpZ2h0PSIxIiB4bWxucz0iaHR0cDovL3d3dy53My5vcmcvMjAwMC9zdmciPjwvc3ZnPg==\" style=\"--smush-placeholder-width: 885px; --smush-placeholder-aspect-ratio: 885\/552;\" \/><div class=\"eb-img-gallery-overlay\"><div class=\"eb-img-gallery-actions\"><a href=\"https:\/\/barcelonawss.com\/wp-content\/uploads\/2024\/05\/Grup.png\" data-fslightbox=\"gallery\" class=\"eb-img-gallery-action\"><i icon=\"fas fa-plus\" class=\"fas fa-plus \"><\/i><\/a><\/div><div class=\"eb-img-gallery-content\"><div class=\"eb-gallery-img-caption\">Presentaci\u00f3 de la nova equipaci\u00f3<\/div><div class=\"eb-gallery-img-description\">Acte de presentaci\u00f3 de la nova equipaci\u00f3 a la botiga Nike del Portal de l&#8217;\u00c0ngel.<\/div><\/div><\/div><\/div><\/div><div data-type=\"image\" class=\"eb-gallery-img-content  eb-filter-img-\"><div class=\"eb-gallery-link-wrapper\"><img decoding=\"async\" class=\"eb-gallery-img lazyload\" data-src=\"https:\/\/barcelonawss.com\/wp-content\/uploads\/2024\/01\/Jugadores-Nike.png\" image-index=\"20\" alt=\"\" src=\"data:image\/svg+xml;base64,PHN2ZyB3aWR0aD0iMSIgaGVpZ2h0PSIxIiB4bWxucz0iaHR0cDovL3d3dy53My5vcmcvMjAwMC9zdmciPjwvc3ZnPg==\" style=\"--smush-placeholder-width: 707px; --smush-placeholder-aspect-ratio: 707\/552;\" \/><div class=\"eb-img-gallery-overlay\"><div class=\"eb-img-gallery-actions\"><a href=\"https:\/\/barcelonawss.com\/wp-content\/uploads\/2024\/01\/Jugadores-Nike.png\" data-fslightbox=\"gallery\" class=\"eb-img-gallery-action\"><i icon=\"fas fa-plus\" class=\"fas fa-plus \"><\/i><\/a><\/div><div class=\"eb-img-gallery-content\"><div class=\"eb-gallery-img-caption\">Xerrada amb jugadores Nike<\/div><div class=\"eb-gallery-img-description\">El Juvenil A i l&#8217;Alev\u00ed assisteixen a una xerrada amb diverses jugadores de la selecci\u00f3 espanyola, dies abans que marxin cap a Fran\u00e7a per disputar el mundial.<\/div><\/div><\/div><\/div><\/div><\/div><\/div><\/div>\n","protected":false},"excerpt":{"rendered":"<p>ACTIVACIONS NIKE<\/p>\n","protected":false},"author":1,"featured_media":0,"parent":5691,"menu_order":0,"comment_status":"closed","ping_status":"closed","template":"","meta":{"_eb_attr":"","_kad_post_transparent":"","_kad_post_title":"","_kad_post_layout":"","_kad_post_sidebar_id":"","_kad_post_content_style":"","_kad_post_vertical_padding":"","_kad_post_feature":"","_kad_post_feature_position":"","_kad_post_header":false,"_kad_post_footer":false,"_kad_post_classname":"","footnotes":""},"class_list":["post-5337","page","type-page","status-publish","hentry"],"_links":{"self":[{"href":"https:\/\/barcelonawss.com\/index.php?rest_route=\/wp\/v2\/pages\/5337","targetHints":{"allow":["GET"]}}],"collection":[{"href":"https:\/\/barcelonawss.com\/index.php?rest_route=\/wp\/v2\/pages"}],"about":[{"href":"https:\/\/barcelonawss.com\/index.php?rest_route=\/wp\/v2\/types\/page"}],"author":[{"embeddable":true,"href":"https:\/\/barcelonawss.com\/index.php?rest_route=\/wp\/v2\/users\/1"}],"replies":[{"embeddable":true,"href":"https:\/\/barcelonawss.com\/index.php?rest_route=%2Fwp%2Fv2%2Fcomments&post=5337"}],"version-history":[{"count":58,"href":"https:\/\/barcelonawss.com\/index.php?rest_route=\/wp\/v2\/pages\/5337\/revisions"}],"predecessor-version":[{"id":6953,"href":"https:\/\/barcelonawss.com\/index.php?rest_route=\/wp\/v2\/pages\/5337\/revisions\/6953"}],"up":[{"embeddable":true,"href":"https:\/\/barcelonawss.com\/index.php?rest_route=\/wp\/v2\/pages\/5691"}],"wp:attachment":[{"href":"https:\/\/barcelonawss.com\/index.php?rest_route=%2Fwp%2Fv2%2Fmedia&parent=5337"}],"curies":[{"name":"wp","href":"https:\/\/api.w.org\/{rel}","templated":true}]}}